{"id":1958,"date":"2014-07-08T18:23:22","date_gmt":"2014-07-08T16:23:22","guid":{"rendered":"http:\/\/portailsolidarites.fr\/grigny-koupela\/?page_id=1958"},"modified":"2014-07-08T18:23:22","modified_gmt":"2014-07-08T16:23:22","slug":"presentation","status":"publish","type":"page","link":"https:\/\/portailsolidarites.fr\/Koupela\/presentation\/presentation\/","title":{"rendered":"Pr\u00e9sentation du jumelage"},"content":{"rendered":"<p>&nbsp;<\/p>\n<p style=\"margin-bottom: 0.21cm;line-height: 200%\"><b>Pr\u00e9sentation du Jumelage coop\u00e9ration Grigny (Rh\u00f4ne) \u2013 Koupela (Burkina-Faso)<\/b><\/p>\n<p style=\"margin-bottom: 0.21cm;line-height: 200%\"><span style=\"font-size: small\">Le jumelage Grigny-Koupela a f\u00eat\u00e9 son dixi\u00e8me anniversaire en 2010.<\/span><\/p>\n<div id=\"attachment_977\" style=\"width: 160px\" class=\"wp-caption aligncenter\"><a href=\"http:\/\/portailsolidarites.fr\/Koupela\/wp-content\/uploads\/2012\/10\/Delegation-Koupela-2010.jpg\"><img loading=\"lazy\" decoding=\"async\" aria-describedby=\"caption-attachment-977\" class=\"wp-image-977 size-thumbnail\" src=\"http:\/\/portailsolidarites.fr\/Koupela\/wp-content\/uploads\/2012\/10\/Delegation-Koupela-2010-150x150.jpg\" alt=\"2010 : d\u00e9couverte de notre r\u00e9gion  par nos amis de Koup\u00e9la\" width=\"150\" height=\"150\" \/><\/a><p id=\"caption-attachment-977\" class=\"wp-caption-text\">D\u00e9couverte de notre r\u00e9gion par la d\u00e9l\u00e9gation de nos amis de Koup\u00e9la \u00e0 l&rsquo;occasion du dixi\u00e8me anniversaire du jumelage<\/p><\/div>\n<p style=\"margin-bottom: 0.21cm;line-height: 200%\"><span style=\"font-size: small\"><br \/>\nKoupela est une ville de 20 000 habitants et beaucoup plus (environ 60 000 habitants) depuis que la loi de d\u00e9centralisation burkinab\u00e9 a rattach\u00e9 39 villages \u00e0 la commune en 2006. <\/span><\/p>\n<p style=\"margin-bottom: 0.21cm;line-height: 200%\"><span style=\"font-size: small\"><b>Les objectifs du comit\u00e9 de jumelage sont<\/b><\/span><span style=\"font-size: small\"><b> : <\/b><\/span><\/p>\n<p style=\"text-indent: 1.25cm;margin-bottom: 0.21cm;line-height: 200%\"><span style=\"font-size: small\">&#8211; Aider au d\u00e9veloppement de la ville de Koupela en soutenant des projets issus du Plan Local de D\u00e9veloppement de la ville.<\/span><\/p>\n<ul>\n<li>\n<p style=\"margin-bottom: 0.21cm;line-height: 200%\"><span style=\"font-size: small\">Faire reculer les pr\u00e9jug\u00e9s que l&rsquo;on peut avoir vis-\u00e0-vis de l&rsquo;Afrique en montrant les diff\u00e9rents aspects d&rsquo;une civilisation riche et les talents de ses habitants \u00e0 travers une manifestation culturelle \u00e0 Grigny.<\/span><\/p>\n<\/li>\n<li>\n<p style=\"margin-bottom: 0.21cm;line-height: 200%\"><span style=\"font-size: small\">Impliquer les \u00e9coles et le coll\u00e8ge de Grigny dans le jumelage.<\/span><\/p>\n<\/li>\n<li>\n<p class=\"western\" style=\"text-indent: 1.25cm;margin-bottom: 0cm;line-height: 100%\"><span style=\"font-size: small\">Ouvrir le comit\u00e9 de jumelage aux jeunes, aux associations, aux citoyens qui le d\u00e9sirent et monter des projets.<\/span><\/p>\n<p>&nbsp;<\/p>\n<p><b>Sa devise<\/b><span style=\"font-size: small\"><b> :<\/b><\/span><span style=\"color: #000080\"><b>\u00a0\u00bb Aider \u00e0 se passer de l&rsquo;aide\u00a0\u00bb<\/b><\/span><\/p>\n<p><span style=\"font-size: small\">Le comit\u00e9 re\u00e7oit de la mairie de Grigny une subvention annuelle, int\u00e9gralement utilis\u00e9e pour les projets de d\u00e9veloppement et organise diverses manifestations pour trouver d&rsquo;autres sources de financement. Le comit\u00e9 de Jumelage Grigny-Koupela rassemble des \u00e9lus, des repr\u00e9sentants des associations et des \u00e9tablissements scolaires ainsi que des individuels int\u00e9ress\u00e9s par la coop\u00e9ration Nord-Sud. Il a une d\u00e9l\u00e9gation de gestion du jumelage de la part de la ville.<\/span><\/p>\n<div id=\"attachment_1770\" style=\"width: 160px\" class=\"wp-caption aligncenter\"><a href=\"http:\/\/portailsolidarites.fr\/grigny-koupela\/files\/2014\/02\/IMG_1024.jpg\"><img loading=\"lazy\" decoding=\"async\" aria-describedby=\"caption-attachment-1770\" class=\"wp-image-1770 size-thumbnail\" src=\"http:\/\/portailsolidarites.fr\/grigny-koupela\/files\/2014\/02\/IMG_1024-150x150.jpg\" alt=\"Vue g\u00e9n\u00e9rale de l'assembl\u00e9e dans la salle du conseil municipal.\" width=\"150\" height=\"150\" \/><\/a><p id=\"caption-attachment-1770\" class=\"wp-caption-text\">Assembl\u00e9e g\u00e9n\u00e9rale dans la salle du conseil municipal.<\/p><\/div>\n<p>&nbsp;<\/li>\n<\/ul>\n<p class=\"western\" style=\"margin-bottom: 0cm;line-height: 100%\"><b>R\u00e9alisations \u00e0 Koupela<\/b><\/p>\n<p>&nbsp;<\/p>\n<ul>\n<li>\n<p class=\"western\" style=\"margin-bottom: 0cm;line-height: 100%\"><span style=\"font-size: small\"><b>Envoi d\u2019une ambulance et d\u2019un conteneur<\/b><\/span><span style=\"font-size: small\"> avec divers mat\u00e9riels pour les associations de la ville<\/span><\/p>\n<\/li>\n<li>\n<p class=\"western\" style=\"margin-bottom: 0cm;line-height: 100%\"><span style=\"font-size: small\">Organisation d\u2019un <\/span><span style=\"font-size: small\"><b>Chantier Jeunes de reboisement <\/b><\/span><span style=\"font-size: small\">(en 2001) des espaces publics de la ville de Koupela.<\/span><\/p>\n<\/li>\n<li>\n<p class=\"western\" style=\"margin-bottom: 0cm;line-height: 100%\"><span style=\"font-size: small\"><b>Construction d\u2019une \u00e9cole primaire \u00e0 six classes<\/b><\/span><span style=\"font-size: small\"> avec point d\u2019eau, toilettes et plantation d\u2019arbres, baptis\u00e9e\u00a0\u00ab\u00a0Ecole de Grigny\u00a0\u00bb, inaugur\u00e9e en 2002\u00a0;<\/span><\/p>\n<\/li>\n<li>\n<p class=\"western\" style=\"margin-bottom: 0cm;line-height: 100%\"><span style=\"font-size: small\"><b>Organisation de parrainages-cantine d\u2019enfants pour trois \u00e9coles<\/b><\/span><span style=\"font-size: small\"> (Ecole EST, Ecole de Grigny, Ecole \u00ab\u00a0Secteur V\u00a0\u00bb) depuis 2000\u00a0: ces trois cantines fonctionnent au gaz pour \u00e9viter d&rsquo;utiliser le bois de chauffe et donc lutter contre la d\u00e9forestation. 1660 enfants mangent chaque jour.<\/span><\/p>\n<div id=\"attachment_517\" style=\"width: 160px\" class=\"wp-caption alignleft\"><a href=\"http:\/\/portailsolidarites.fr\/Koupela\/wp-content\/uploads\/2010\/12\/Cantine-23.jpg\"><img loading=\"lazy\" decoding=\"async\" aria-describedby=\"caption-attachment-517\" class=\"wp-image-517 size-thumbnail\" src=\"http:\/\/portailsolidarites.fr\/Koupela\/wp-content\/uploads\/2010\/12\/Cantine-23-150x150.jpg\" alt=\"Rassemblement \u00e0 l'heure du repas\" width=\"150\" height=\"150\" \/><\/a><p id=\"caption-attachment-517\" class=\"wp-caption-text\">Rassemblement \u00e0 l&rsquo;heure du repas<\/p><\/div>\n<div id=\"attachment_1367\" style=\"width: 160px\" class=\"wp-caption alignright\"><a href=\"http:\/\/portailsolidarites.fr\/grigny-koupela\/files\/2013\/07\/Burkina-2011-05751.jpg\"><img loading=\"lazy\" decoding=\"async\" aria-describedby=\"caption-attachment-1367\" class=\"wp-image-1367 size-thumbnail\" src=\"http:\/\/portailsolidarites.fr\/grigny-koupela\/files\/2013\/07\/Burkina-2011-05751-150x150.jpg\" alt=\"Ecole Est\" width=\"150\" height=\"150\" \/><\/a><p id=\"caption-attachment-1367\" class=\"wp-caption-text\">Cantine de l&rsquo;\u00e9cole Est<\/p><\/div>\n<p class=\"western\" style=\"margin-bottom: 0cm;line-height: 100%\">\n<\/li>\n<li>\n<p class=\"western\" style=\"margin-bottom: 0cm;line-height: 100%\"><span style=\"font-size: small\">Elaboration d\u2019un <\/span><span style=\"font-size: small\"><b>Plan Communal de D\u00e9veloppement<\/b><\/span><span style=\"font-size: small\"> de la ville de Koupela (en 2004) pour travailler dans la dur\u00e9e et programmer les projets.<\/span><\/p>\n<\/li>\n<li>\n<p class=\"western\" style=\"margin-bottom: 0cm;line-height: 100%\"><span style=\"font-size: small\"><b>D\u00e9veloppement des TIC<\/b><\/span><span style=\"font-size: small\"> (nouvelles technologies)\u00a0: liaison Internet avec Koupela, \u00e9quipement de la salle informatique du lyc\u00e9e Kourita, mission informatique de la <\/span><span style=\"color: #0000ff\"><span style=\"text-decoration: underline\"><a href=\"mailto:M@ison\"><span style=\"font-size: small\">M@ison<\/span><\/a><\/span><\/span><span style=\"font-size: small\"> en 2005 et 2007.<a href=\"http:\/\/portailsolidarites.fr\/grigny-koupela\/files\/2013\/03\/logomaisontic.png\"><img loading=\"lazy\" decoding=\"async\" class=\"alignright wp-image-1223 size-thumbnail\" src=\"http:\/\/portailsolidarites.fr\/grigny-koupela\/files\/2013\/03\/logomaisontic-150x150.png\" alt=\"logomaisontic\" width=\"150\" height=\"150\" \/><\/a><\/span><\/p>\n<\/li>\n<li>\n<p class=\"western\" style=\"margin-bottom: 0cm;line-height: 100%\"><span style=\"font-size: small\"><b>Projet \u00ab\u00a0Des v\u00e9los pour le Burkina Faso\u00a0\u00bb<\/b><\/span><span style=\"font-size: small\"> en partenariat avec les AJD\u00a0: collecte de v\u00e9los usag\u00e9s pour le Centre des handicap\u00e9s de Koupela qui les revend sur place (cr\u00e9ation de six emplois partiels pour les handicap\u00e9s).<\/span><\/p>\n<div id=\"attachment_541\" style=\"width: 160px\" class=\"wp-caption aligncenter\"><a href=\"http:\/\/portailsolidarites.fr\/grigny-koupela\/files\/2010\/12\/maison4.jpg\"><img loading=\"lazy\" decoding=\"async\" aria-describedby=\"caption-attachment-541\" class=\"wp-image-541 size-thumbnail\" src=\"http:\/\/portailsolidarites.fr\/grigny-koupela\/files\/2010\/12\/maison4-150x133.jpg\" alt=\"La maison de Grigny\" width=\"150\" height=\"133\" \/><\/a><p id=\"caption-attachment-541\" class=\"wp-caption-text\">La maison de Grigny gr\u00e2ce \u00e0 laquelle ont pu avoir lieu les missions de solidarit\u00e9 num\u00e9rique \u00e0 Koup\u00e9la<\/p><\/div>\n<p class=\"western\" style=\"margin-bottom: 0cm;line-height: 100%\">\n<\/li>\n<li>\n<p class=\"western\" style=\"margin-bottom: 0cm;line-height: 100%\"><span style=\"font-size: small\"><b>R\u00e9fection de l&rsquo;abattoir municipal : <\/b><\/span><span style=\"font-size: small\">r\u00e9fection de la pompe et diverses am\u00e9liorations<\/span><\/p>\n<\/li>\n<li>\n<p class=\"western\" style=\"margin-bottom: 0cm;line-height: 100%\"><span style=\"font-size: small\"><b>Construction de 20 boutiques au march\u00e9 de Koupela : <\/b><\/span><span style=\"font-size: small\">la ville de Koupela peut ainsi r\u00e9cup\u00e9rer des taxes et louer ces locaux ce qui fait une entr\u00e9e d&rsquo;argent dans le budget municipal<\/span><\/p>\n<div id=\"attachment_1241\" style=\"width: 160px\" class=\"wp-caption aligncenter\"><a href=\"http:\/\/portailsolidarites.fr\/grigny-koupela\/files\/2013\/03\/0229.jpg\"><img loading=\"lazy\" decoding=\"async\" aria-describedby=\"caption-attachment-1241\" class=\"size-thumbnail wp-image-1241\" src=\"http:\/\/portailsolidarites.fr\/grigny-koupela\/files\/2013\/03\/0229-150x150.jpg\" alt=\"Boutiques pr\u00e8s du march\u00e9 financ\u00e9es \u00e0 90% par le comit\u00e9 de Grigny.\" width=\"150\" height=\"150\" \/><\/a><p id=\"caption-attachment-1241\" class=\"wp-caption-text\">Boutiques pr\u00e8s du march\u00e9 financ\u00e9es \u00e0 90% par le comit\u00e9 de Grigny.<\/p><\/div>\n<p class=\"western\" style=\"margin-bottom: 0cm;line-height: 100%\">\n<\/li>\n<li>\n<p class=\"western\" style=\"margin-bottom: 0cm;line-height: 100%\"><span style=\"font-size: small\"><b>Extension du lyc\u00e9e municipal :<\/b><\/span><span style=\"font-size: small\"> Construction d&rsquo;un b\u00e2timent \u00e0 8 classes ce qui permet aux \u00e9l\u00e8ves de CM2 de poursuivre leurs \u00e9tudes dans le secondaire.<\/span><\/p>\n<p class=\"western\" style=\"margin-bottom: 0cm;line-height: 100%\">\n<\/li>\n<li>\n<p class=\"western\" style=\"margin-bottom: 0cm;line-height: 100%\"><span style=\"font-size: small\"><b>Am\u00e9lioration des conditions de travail et de vie dans les \u00e9coles de Koupela : <\/b><\/span><span style=\"font-size: small\">Construction de hangars dans les \u00e9coles \u00ab\u00a0GRIGNY\u00a0\u00bb et \u00ab\u00a0EST\u00a0\u00bb ce qui permet aux enfants<\/span><span style=\"font-size: small\"> de manger \u00e0 l&rsquo;ombre le midi ;<\/span><\/p>\n<div id=\"attachment_1943\" style=\"width: 160px\" class=\"wp-caption alignleft\"><a href=\"http:\/\/portailsolidarites.fr\/grigny-koupela\/files\/2014\/07\/0749.jpg\"><img loading=\"lazy\" decoding=\"async\" aria-describedby=\"caption-attachment-1943\" class=\"wp-image-1943 size-thumbnail\" src=\"http:\/\/portailsolidarites.fr\/grigny-koupela\/files\/2014\/07\/0749-150x150.jpg\" alt=\"Ecole de Pognini,situ\u00e9e \u00e0 la p\u00e9riph\u00e9rie de Koup\u00e9la-ville.\" width=\"150\" height=\"150\" \/><\/a><p id=\"caption-attachment-1943\" class=\"wp-caption-text\">Ecole de Pognini,situ\u00e9e \u00e0 la p\u00e9riph\u00e9rie de Koup\u00e9la-ville.<\/p><\/div>\n<p class=\"western\" style=\"margin-bottom: 0cm;line-height: 100%\">\n<div id=\"attachment_516\" style=\"width: 160px\" class=\"wp-caption alignright\"><a href=\"http:\/\/portailsolidarites.fr\/Koupela\/wp-content\/uploads\/2010\/12\/Mission-Koupela-janvier-2009-1551.jpg\"><img loading=\"lazy\" decoding=\"async\" aria-describedby=\"caption-attachment-516\" class=\"wp-image-516 size-thumbnail\" src=\"http:\/\/portailsolidarites.fr\/Koupela\/wp-content\/uploads\/2010\/12\/Mission-Koupela-janvier-2009-1551-150x150.jpg\" alt=\"Le nouveau pr\u00e9au\" width=\"150\" height=\"150\" \/><\/a><p id=\"caption-attachment-516\" class=\"wp-caption-text\">Un nouveau p\u00e9au, dans une autre \u00e9cole, pour abriter les \u00e9l\u00e8ves au moment de la cantine<\/p><\/div>\n<p class=\"western\" style=\"margin-bottom: 0cm;line-height: 100%\"><span style=\"font-size: small\">Construction d&rsquo;un dallage \u00e0 l&rsquo;\u00e9cole \u00ab\u00a0Secteur V\u00a0\u00bb; extension de classes ;<\/span><\/p>\n<\/li>\n<li>\n<p class=\"western\" style=\"margin-bottom: 0cm;line-height: 100%\"><span style=\"font-size: small\"><b>Soutien au projet de six jeunes grignerots en ao\u00fbt 2009 :<\/b><\/span><span style=\"font-size: small\"> Projet global d&rsquo;animation en direction des enfants de Koupela (sports, th\u00e9\u00e2tre, vid\u00e9o\u2026) et volet environnement durable (sensibilisation \u00e0 la collecte des ordures dans la ville de Koupela, installation de poubelles dans les lieux publics\u2026)<\/span><\/p>\n<div id=\"attachment_507\" style=\"width: 160px\" class=\"wp-caption alignleft\"><a href=\"http:\/\/portailsolidarites.fr\/Koupela\/wp-content\/uploads\/2010\/12\/DSCF43601.jpg\"><img loading=\"lazy\" decoding=\"async\" aria-describedby=\"caption-attachment-507\" class=\"wp-image-507 size-thumbnail\" src=\"http:\/\/portailsolidarites.fr\/Koupela\/wp-content\/uploads\/2010\/12\/DSCF43601-150x150.jpg\" alt=\"Op\u00e9ration propret\u00e9 \u00e0 Koup\u00e9la\" width=\"150\" height=\"150\" \/><\/a><p id=\"caption-attachment-507\" class=\"wp-caption-text\">Op\u00e9ration propret\u00e9 \u00e0 Koup\u00e9la<\/p><\/div>\n<p class=\"western\" style=\"margin-bottom: 0cm;line-height: 100%\">\n<\/li>\n<li>\n<p class=\"western\" style=\"margin-bottom: 0cm;line-height: 100%\"><span style=\"font-size: small\"><b>Extension du lyc\u00e9e municipal :<\/b><\/span><span style=\"font-size: small\"> construction d&rsquo;un b\u00e2timent \u00e0 8 classes<\/span><\/p>\n<\/li>\n<li>\n<p class=\"western\" style=\"margin-bottom: 0cm;line-height: 100%\"><span style=\"font-size: small\"><b>Projet Environnement\/Assainissement :<\/b><\/span><span style=\"font-size: small\"> achat d&rsquo;un camion et deux tracteurs pour le ramassage des ordures m\u00e9nag\u00e8res, \u00e9quipement des femmes de l&rsquo;association Wum Taaba charg\u00e9e du ramassage des ordures.<\/span><\/p>\n<div id=\"attachment_506\" style=\"width: 160px\" class=\"wp-caption alignright\"><a href=\"http:\/\/portailsolidarites.fr\/Koupela\/wp-content\/uploads\/2010\/12\/DSCF40431.jpg\"><img loading=\"lazy\" decoding=\"async\" aria-describedby=\"caption-attachment-506\" class=\"wp-image-506 size-thumbnail\" src=\"http:\/\/portailsolidarites.fr\/Koupela\/wp-content\/uploads\/2010\/12\/DSCF40431-150x150.jpg\" alt=\"Des poubelles pour la place du march\u00e9\" width=\"150\" height=\"150\" \/><\/a><p id=\"caption-attachment-506\" class=\"wp-caption-text\">Des poubelles pour la place du march\u00e9<\/p><\/div>\n<p><div id=\"attachment_1180\" style=\"width: 160px\" class=\"wp-caption alignleft\"><a href=\"http:\/\/portailsolidarites.fr\/grigny-koupela\/files\/2013\/02\/0145.jpg\"><img loading=\"lazy\" decoding=\"async\" aria-describedby=\"caption-attachment-1180\" class=\"wp-image-1180 size-thumbnail\" src=\"http:\/\/portailsolidarites.fr\/grigny-koupela\/files\/2013\/02\/0145-150x150.jpg\" alt=\"Le tracteur qui transporte les ordures \u00e0 la d\u00e9charge \u00e0 8 km.\" width=\"150\" height=\"150\" \/><\/a><p id=\"caption-attachment-1180\" class=\"wp-caption-text\">Le tracteur qui transporte les ordures \u00e0 la d\u00e9charge \u00e0 8 km.<\/p><\/div><\/li>\n<li>\n<p class=\"western\" style=\"margin-bottom: 0cm;line-height: 100%\"><span style=\"font-size: small\"><b>Cr\u00e9ation d&rsquo;un plateau de basket pour les jeunes de Koupela<br \/>\n<a href=\"http:\/\/portailsolidarites.fr\/grigny-koupela\/files\/2011\/07\/basket_08.jpg\"><img loading=\"lazy\" decoding=\"async\" class=\"alignleft wp-image-459 size-thumbnail\" src=\"http:\/\/portailsolidarites.fr\/grigny-koupela\/files\/2011\/07\/basket_08-150x150.jpg\" alt=\"basket_08\" width=\"150\" height=\"150\" \/><\/a><br \/>\n<\/b><\/span><\/p>\n<\/li>\n<li>\n<div id=\"attachment_939\" style=\"width: 160px\" class=\"wp-caption alignright\"><a href=\"http:\/\/portailsolidarites.fr\/grigny-koupela\/files\/2012\/10\/025.jpg\"><img loading=\"lazy\" decoding=\"async\" aria-describedby=\"caption-attachment-939\" class=\"wp-image-939 size-thumbnail\" src=\"http:\/\/portailsolidarites.fr\/grigny-koupela\/files\/2012\/10\/025-150x150.jpg\" alt=\"B\u00e2timent du vestaire\" width=\"150\" height=\"150\" \/><\/a><p id=\"caption-attachment-939\" class=\"wp-caption-text\">Le b\u00e2timent des vestiaires<\/p><\/div>\n<p class=\"western\" style=\"margin-bottom: 0cm;line-height: 100%\"><span style=\"font-size: small\"><b>Construction d&rsquo;un coll\u00e8ge (500 \u00e9l\u00e8ves) dans le village de Liguidi Malguem en 2012<\/b><\/span><\/p>\n<div id=\"attachment_904\" style=\"width: 160px\" class=\"wp-caption alignleft\"><a href=\"http:\/\/portailsolidarites.fr\/grigny-koupela\/files\/2012\/07\/09.jpg\"><img loading=\"lazy\" decoding=\"async\" aria-describedby=\"caption-attachment-904\" class=\"wp-image-904 size-thumbnail\" src=\"http:\/\/portailsolidarites.fr\/grigny-koupela\/files\/2012\/07\/09-150x150.jpg\" alt=\"Bloc 2 classes\" width=\"150\" height=\"150\" \/><\/a><p id=\"caption-attachment-904\" class=\"wp-caption-text\">Bloc 2 classes<\/p><\/div>\n<p class=\"western\" style=\"margin-bottom: 0cm;line-height: 100%\">\n<\/li>\n<li>\n<div id=\"attachment_933\" style=\"width: 160px\" class=\"wp-caption alignright\"><a href=\"http:\/\/portailsolidarites.fr\/Koupela\/wp-content\/uploads\/2012\/10\/Preparation-des-cartons.png\"><img loading=\"lazy\" decoding=\"async\" aria-describedby=\"caption-attachment-933\" class=\"wp-image-933 size-thumbnail\" src=\"http:\/\/portailsolidarites.fr\/Koupela\/wp-content\/uploads\/2012\/10\/Preparation-des-cartons-150x150.png\" alt=\"Pr\u00e9paration des cartons\" width=\"150\" height=\"150\" \/><\/a><p id=\"caption-attachment-933\" class=\"wp-caption-text\">Pr\u00e9paration des cartons<\/p><\/div>\n<p class=\"western\" style=\"margin-bottom: 0cm;line-height: 100%\"><span style=\"font-size: small\"><b>Envoi de mat\u00e9riel de sport et de livres gr\u00e2ce au Grand Lyon et Bioport (d\u00e9cembre 2012).<\/b><\/span><\/p>\n<\/li>\n<li>\n<p style=\"margin-left: 0.64cm;margin-bottom: 0cm;line-height: 100%\"><span style=\"font-size: small\"><b>Equipement en mat\u00e9riel d&rsquo;hygi\u00e8ne pour les \u00e9coles de Koupela (2014)<\/b><\/span><\/p>\n<p>Ces diff\u00e9rents projets ont \u00e9t\u00e9 r\u00e9alis\u00e9s avec l\u2019aide de la municipalit\u00e9 de Grigny dans le cadre de la coop\u00e9ration d\u00e9centralis\u00e9e.<\/li>\n<\/ul>\n<p style=\"margin-left: 0.64cm;margin-bottom: 0cm;line-height: 100%\"><span style=\"font-size: small\"><b>Une r\u00e9flexion sur le projet \u00ab\u00a0Maison de Grigny\u00a0\u00bb<\/b><\/span><span style=\"font-size: small\"><b> : <\/b><\/span><span style=\"font-size: small\">sur un terrain donn\u00e9 par la ville de Koupela \u00e0 la ville de Grigny, un projet polyvalent de tourisme solidaire a \u00e9t\u00e9 envisag\u00e9 comprenant un centre d&rsquo;h\u00e9bergement, un bar-restaurant \u00ab\u00a0maquis\u00a0\u00bb, un centre de formation aux TIC (cybercaf\u00e9), une biblioth\u00e8que, un centre de conservation du patrimoine local (mus\u00e9e, savoir-faire des artisans locaux\u2026). Ce projet est pour l&rsquo;instant en attente.<\/span><\/p>\n<p style=\"margin-left: 0.64cm;margin-bottom: 0cm;line-height: 100%\">\n<p style=\"margin-left: 0.64cm;margin-bottom: 0cm;line-height: 100%\"><span style=\"font-size: small\"><b>2014 : lancement d&rsquo;un projet Eau\/Assainissement\/Environnement<br \/>\n<\/b>Les actions dans ce domaine depuis 2009 et la r\u00e9flexion \u00e0 ce sujet ont mis en \u00e9vidence un manque de forages (acc\u00e8s \u00e0 l&rsquo;eau potable) et d&rsquo;\u00e9quipement en latrines des m\u00e9nages mais surtout un d\u00e9ficit de formation \u00e0 tous les niveaux.<\/span><\/p>\n<div id=\"attachment_1576\" style=\"width: 160px\" class=\"wp-caption alignright\"><a href=\"http:\/\/portailsolidarites.fr\/grigny-koupela\/files\/2013\/11\/19.jpg\"><img loading=\"lazy\" decoding=\"async\" aria-describedby=\"caption-attachment-1576\" class=\"wp-image-1576 size-thumbnail\" src=\"http:\/\/portailsolidarites.fr\/grigny-koupela\/files\/2013\/11\/19-150x150.jpg\" alt=\"L\u00e9onard Zoungrana actionne le nouveau forage.\" width=\"150\" height=\"150\" \/><\/a><p id=\"caption-attachment-1576\" class=\"wp-caption-text\">Nouveau coll\u00e8ge&#8230;nouveau forage.<\/p><\/div>\n<p style=\"margin-left: 0.64cm;margin-bottom: 0cm;line-height: 100%\">\n<p style=\"margin-left: 0.64cm;margin-bottom: 0cm;line-height: 100%\"><span style=\"font-size: small\"><br \/>\nCe projet doit se poursuivre sur plusieurs ann\u00e9es.<br \/>\nLe Grand Lyon et V\u00e9olia ont accept\u00e9 notre dossier et nous ont allou\u00e9 une subvention de 66 500 \u20ac. Le projet a d\u00e9but\u00e9 en Avril 2014.<\/span><\/p>\n<p>&nbsp;<\/p>\n<p class=\"western\" style=\"margin-bottom: 0cm;line-height: 100%\"><b>Le Comit\u00e9 de Jumelage organise \u00e0 GRIGNY<\/b><\/p>\n<p>&nbsp;<\/p>\n<p class=\"western\" style=\"margin-bottom: 0cm;line-height: 100%\"><span style=\"color: #ff0000\"><b>COULEURS D&rsquo;AFRIQUE<\/b><\/span><b> <\/b>Au mois de mars,<\/p>\n<p><span style=\"font-size: small\">Il s&rsquo;agit d&rsquo;une semaine d&rsquo;animations valorisant les savoir-faire et les cr\u00e9ations culturelles de la civilisation africaine d\u00e9clin\u00e9e sous ces diff\u00e9rents aspects : danse, musique, cin\u00e9ma, artisanat, peinture, saveurs, litt\u00e9rature, contes, arts\u2026la ville, dans diff\u00e9rents lieux, se met aux couleurs de l&rsquo;Afrique. Des animations scolaires ont lieu pendant cette semaine.<a href=\"http:\/\/portailsolidarites.fr\/grigny-koupela\/files\/2013\/02\/image.png\"><img loading=\"lazy\" decoding=\"async\" class=\"aligncenter size-thumbnail wp-image-1150\" src=\"http:\/\/portailsolidarites.fr\/grigny-koupela\/files\/2013\/02\/image-150x150.png\" alt=\"image 1\" width=\"150\" height=\"150\" \/><\/a><\/span><\/p>\n<p class=\"western\" style=\"text-indent: 1.25cm;margin-bottom: 0cm;line-height: 100%\"><span style=\"color: #ff0000\"><b>Le SALON des VINS et de l&rsquo;ETIQUETTE<\/b><\/span><\/p>\n<div id=\"attachment_1152\" style=\"width: 160px\" class=\"wp-caption alignleft\"><a href=\"http:\/\/portailsolidarites.fr\/grigny-koupela\/files\/2013\/02\/image-2.png\"><img loading=\"lazy\" decoding=\"async\" aria-describedby=\"caption-attachment-1152\" class=\"wp-image-1152 size-thumbnail\" src=\"http:\/\/portailsolidarites.fr\/grigny-koupela\/files\/2013\/02\/image-2-150x150.png\" alt=\"image 2\" width=\"150\" height=\"150\" \/><\/a><p id=\"caption-attachment-1152\" class=\"wp-caption-text\">Un des nombreux stands du salon des vins<\/p><\/div>\n<p class=\"western\" style=\"text-indent: 1.25cm;margin-bottom: 0cm;line-height: 100%\">Au mois de novembre (le dernier week-end du mois),<\/p>\n<p class=\"western\" style=\"margin-bottom: 0cm;line-height: 100%\"><span style=\"font-size: small\">Durant deux jours, au Centre E.Brenot, 40 viticulteurs et artisans de produits du terroir, proposent leurs produits de qualit\u00e9 et parlent avec passion de leurs m\u00e9tiers. Grigny devient alors le rendez-vous des amateurs de bons vins, des go\u00fbts et saveurs des terroirs de France.<\/span><\/p>\n<div id=\"attachment_1091\" style=\"width: 160px\" class=\"wp-caption aligncenter\"><a href=\"http:\/\/portailsolidarites.fr\/grigny-koupela\/files\/2012\/11\/020-salon-des-vins.jpg\"><img loading=\"lazy\" decoding=\"async\" aria-describedby=\"caption-attachment-1091\" class=\"size-thumbnail wp-image-1091\" src=\"http:\/\/portailsolidarites.fr\/grigny-koupela\/files\/2012\/11\/020-salon-des-vins-150x150.jpg\" alt=\"Exposition d'\u00e9tiquettes :&quot; du cep au verre&quot;.\" width=\"150\" height=\"150\" \/><\/a><p id=\"caption-attachment-1091\" class=\"wp-caption-text\">Exposition d&rsquo;\u00e9tiquettes :\u00a0\u00bb du cep au verre\u00a0\u00bb.<\/p><\/div>\n<p class=\"western\" style=\"margin-bottom: 0cm;line-height: 100%\">\n<p>Un salon \u00e0 taille humaine, convivial et solidaire.<\/p>\n<div id=\"attachment_1094\" style=\"width: 160px\" class=\"wp-caption aligncenter\"><a href=\"http:\/\/portailsolidarites.fr\/grigny-koupela\/files\/2012\/11\/026-salon-des-vins.jpg\"><img loading=\"lazy\" decoding=\"async\" aria-describedby=\"caption-attachment-1094\" class=\"size-thumbnail wp-image-1094\" src=\"http:\/\/portailsolidarites.fr\/grigny-koupela\/files\/2012\/11\/026-salon-des-vins-150x150.jpg\" alt=\"Jacqueline Portillo et j\u00e9r\u00f4me  Richon, membres du comit\u00e9, ont \u00e9t\u00e9 intronis\u00e9s dans l'ordre des dignitaires de l'Etiquette.\" width=\"150\" height=\"150\" \/><\/a><p id=\"caption-attachment-1094\" class=\"wp-caption-text\">Jacqueline Portillo et j\u00e9r\u00f4me Richon, membres du comit\u00e9,\u00a0 intronis\u00e9s dans l&rsquo;ordre des dignitaires de l&rsquo;Etiquette.<\/p><\/div>\n<p class=\"western\" style=\"margin-bottom: 0cm;line-height: 100%\"><span style=\"font-size: small\">L&rsquo;int\u00e9gralit\u00e9 des b\u00e9n\u00e9fices sont destin\u00e9s au financement des projets \u00e0 Koupela.<\/span><\/p>\n<p class=\"western\" style=\"margin-bottom: 0cm;line-height: 100%\"><span style=\"font-family: Franklin Gothic Heavy,sans-serif\"><span style=\"font-size: small\">Il participe \u00e0 l&rsquo;animation de la commune<\/span><\/span><\/p>\n<ul>\n<li>\n<p class=\"western\" style=\"margin-bottom: 0cm;line-height: 100%\"><span style=\"font-size: small\">D\u00e9veloppement des \u00e9changes scolaires entre les \u00e9tablissements des deux villes (le Club Nord-Sud du coll\u00e8ge E.Malfroy avec le lyc\u00e9e Kourita, l&rsquo;\u00e9cole Pasteur avec l&rsquo;\u00e9cole EST et l&rsquo;\u00e9cole Joliot Curie avec l&rsquo;\u00e9cole de Grigny. <\/span><\/p>\n<\/li>\n<li>\n<p class=\"western\" style=\"margin-bottom: 0cm;line-height: 100%\"><span style=\"font-size: small\">Cross de la solidarit\u00e9 organis\u00e9 par le coll\u00e8ge Malfroy.<a href=\"http:\/\/portailsolidarites.fr\/grigny-koupela\/files\/2014\/06\/20140617_092645.jpg\"><img loading=\"lazy\" decoding=\"async\" class=\"alignleft wp-image-1868 size-thumbnail\" src=\"http:\/\/portailsolidarites.fr\/grigny-koupela\/files\/2014\/06\/20140617_092645-150x150.jpg\" alt=\"20140617_092645\" width=\"150\" height=\"150\" \/><\/a><a href=\"http:\/\/portailsolidarites.fr\/grigny-koupela\/files\/2013\/07\/02-2013-CROSS.jpg\"><img loading=\"lazy\" decoding=\"async\" class=\"alignright wp-image-1335 size-thumbnail\" src=\"http:\/\/portailsolidarites.fr\/grigny-koupela\/files\/2013\/07\/02-2013-CROSS-150x150.jpg\" alt=\"02 2013 CROSS\" width=\"150\" height=\"150\" \/><\/a><\/span><\/p>\n<\/li>\n<li>\n<p class=\"western\" style=\"margin-bottom: 0cm;line-height: 100%\"><span style=\"font-size: small\">Soutien \u00e0 des \u00e9changes de jeunes (en 2001 et projet 2009)<\/span><\/p>\n<\/li>\n<li>\n<p class=\"western\" style=\"margin-bottom: 0cm;line-height: 100%\"><span style=\"font-size: small\">Action avec le SMIRIL et l&rsquo;\u00e9co-\u00e9cole Pasteur en 2014<\/span><\/p>\n<\/li>\n<li>\n<p class=\"western\" style=\"margin-bottom: 0cm;line-height: 100%\"><span style=\"font-size: small\">Actions festives organis\u00e9es par la ville de Grigny ou d&rsquo;autres associations : Ecole, Art et la Ville ; forum des associations ; march\u00e9 de No\u00ebl de l&rsquo;AMAP \u00ab\u00a0Les Potagers du Garon\u00a0\u00bb; march\u00e9 aux fleurs ; rencontre des cin\u00e9mas du monde organis\u00e9 par VIVE<\/span><\/p>\n<\/li>\n<\/ul>\n<p class=\"western\" style=\"margin-bottom: 0cm;line-height: 100%\"><b>Contacts :<\/b><\/p>\n<p>&nbsp;<\/p>\n<p class=\"western\" style=\"text-indent: 1.25cm;margin-bottom: 0cm;line-height: 100%\"><span style=\"font-size: small\">Adresse postale : Comit\u00e9 de jumelage Grigny-Koupela<br \/>\nH\u00f4tel de ville, BP 123, avenue Jean Estragnat<br \/>\n69520 GRIGNY<\/span><\/p>\n<p class=\"western\" style=\"text-indent: 1.25cm;margin-bottom: 0cm;line-height: 100%\"><span style=\"font-size: small\">Mail : <\/span><span style=\"color: #0000ff\"><span style=\"text-decoration: underline\"><a href=\"mailto:grignykoupela@laposte.net\"><span style=\"font-size: small\">grignykoupela@laposte.net<br \/>\n<\/span><\/a><\/span><\/span><\/p>\n<p class=\"western\" style=\"margin-bottom: 0cm;line-height: 100%\"><span style=\"font-size: small\"><strong>Mairie<\/strong> : Najoua AYACHE Adjointe aux associations et jumelages<\/span><\/p>\n<p><strong>Comit\u00e9 de Jumelage Grigny-Koupela:<\/strong><br \/>\nAndr\u00e9 FABRE 04-78-07-28-90 <span style=\"color: #0000ff\"><span style=\"text-decoration: underline\"><a href=\"mailto:afabre4@orange.fr\"><span style=\"font-size: small\">afabre4@orange.fr<br \/>\n<\/span><\/a><\/span><\/span><span style=\"font-size: small\">Fran\u00e7oise LEBRETON 04-78-07-12-21 <\/span><span style=\"color: #0000ff\"><span style=\"text-decoration: underline\"><a href=\"https:\/\/webmail1f.orange.fr\/webmail\/fr_FR\/read.html?FOLDER=SF_OUTBOX&amp;IDMSG=8600&amp;check=&amp;SORTBY=1\"><span style=\"font-size: small\">francoise-lebreton@orange.fr&gt;<br \/>\n<\/span><\/a><\/span><\/span><span style=\"font-size: small\">M\u00e9lanie LAPALUS 06-73-44-26-22 <\/span><span style=\"color: #0000ff\"><span style=\"text-decoration: underline\"><a href=\"https:\/\/webmail1f.orange.fr\/webmail\/fr_FR\/read.html?FOLDER=SF_INBOX&amp;IDMSG=60073&amp;check=&amp;SORTBY=1\"><span style=\"font-size: small\">mel.soleil@hotmail.fr&gt;<br \/>\n<\/span><\/a><\/span><\/span><span style=\"font-size: small\">Roland CATTOZ 04-72-24-26-98<\/span><\/p>\n<p class=\"western\" style=\"margin-bottom: 0cm;line-height: 100%\"><span style=\"font-size: small\"><strong>Portail des Solidarit\u00e9s :<\/strong><br \/>\nG\u00e9rard ARNAUD 04 72 30 70 21 <\/span><span style=\"color: #0000ff\"><span style=\"text-decoration: underline\"><a href=\"mailto:gerarnaud@laposte.net\"><span style=\"font-size: small\">gerarnaud@laposte.net<br \/>\n<\/span><\/a><\/span><\/span><span style=\"font-size: small\">Bernadette BOREL 04-78-02-87-39 <\/span><span style=\"color: #0000ff\"><span style=\"text-decoration: underline\"><a href=\"mailto:bernadette.borel@wanadoo.fr\"><span style=\"font-size: small\">bernadette.borel@wanadoo.fr<\/span><\/a><\/span><\/span><\/p>\n<p class=\"western\" style=\"text-indent: 1.25cm;margin-bottom: 0cm;line-height: 100%\"><span style=\"font-size: small\"><strong>Parrainages Cantines :<\/strong><br \/>\nGenevi\u00e8ve GONZATO 04-78-46-24-20 <\/span><span style=\"color: #0000ff\"><span style=\"text-decoration: underline\"><a href=\"mailto:genevieve.gonzato@wanadoo.fr\"><span style=\"font-size: small\">genevieve.gonzato@wanadoo.fr<br \/>\n<\/span><\/a><\/span><\/span><span style=\"font-size: small\">Annie JEQUIER 04-78-73-38-88 <\/span><span style=\"color: #0000ff\"><span style=\"text-decoration: underline\"><a href=\"mailto:ajequier@wanadoo.fr\"><span style=\"font-size: small\">ajequier@wanadoo.fr<\/span><\/a><\/span><\/span><\/p>\n<p><span style=\"font-size: small\"><strong>Site Internet :<\/strong> M@ison de Grigny <\/span><span style=\"color: #0000ff\"><span style=\"text-decoration: underline\"><a href=\"http:\/\/www.portailsolidarites.fr\/\"><span style=\"font-size: small\">www.portailsolidarites.fr<\/span><\/a><\/span><\/span><\/p>\n<p class=\"western\" style=\"text-indent: 1.25cm;margin-bottom: 0cm;line-height: 100%\"><span style=\"color: #0000ff\"><span style=\"text-decoration: underline\"><a href=\"http:\/\/www.mairie-grigny69.fr\/\"><span style=\"font-size: small\">www.mairie-grigny69.fr<\/span><\/a><\/span><\/span><span style=\"font-size: small\"> \/ jumelages \/ Grigny-Koupela<\/span><\/p>\n<p class=\"western\" style=\"text-indent: 1.25cm;margin-bottom: 0cm;line-height: 100%\"><span style=\"font-size: small\">salondesvins.free.fr <\/span><\/p>\n<p>&nbsp;<\/p>\n","protected":false},"excerpt":{"rendered":"<p>&nbsp; Pr\u00e9sentation du Jumelage coop\u00e9ration Grigny (Rh\u00f4ne) \u2013 Koupela (Burkina-Faso) Le jumelage Grigny-Koupela a f\u00eat\u00e9 son dixi\u00e8me anniversaire en 2010. Koupela est une ville de 20 000 habitants et beaucoup plus (environ 60 000 habitants) depuis que la loi de &hellip; <a href=\"https:\/\/portailsolidarites.fr\/Koupela\/presentation\/presentation\/\">Continuer la lecture <span class=\"meta-nav\">&rarr;<\/span><\/a><\/p>\n","protected":false},"author":2,"featured_media":0,"parent":958,"menu_order":0,"comment_status":"open","ping_status":"open","template":"","meta":{"_uag_custom_page_level_css":"","footnotes":""},"class_list":["post-1958","page","type-page","status-publish","hentry"],"uagb_featured_image_src":{"full":false,"thumbnail":false,"medium":false,"medium_large":false,"large":false,"1536x1536":false,"2048x2048":false,"post-thumbnail":false},"uagb_author_info":{"display_name":"grigny-koupela","author_link":"https:\/\/portailsolidarites.fr\/Koupela\/author\/grigny-koupela\/"},"uagb_comment_info":0,"uagb_excerpt":"&nbsp; Pr\u00e9sentation du Jumelage coop\u00e9ration Grigny (Rh\u00f4ne) \u2013 Koupela (Burkina-Faso) Le jumelage Grigny-Koupela a f\u00eat\u00e9 son dixi\u00e8me anniversaire en 2010. Koupela est une ville de 20 000 habitants et beaucoup plus (environ 60 000 habitants) depuis que la loi de &hellip; Continuer la lecture &rarr;","_links":{"self":[{"href":"https:\/\/portailsolidarites.fr\/Koupela\/wp-json\/wp\/v2\/pages\/1958","targetHints":{"allow":["GET"]}}],"collection":[{"href":"https:\/\/portailsolidarites.fr\/Koupela\/wp-json\/wp\/v2\/pages"}],"about":[{"href":"https:\/\/portailsolidarites.fr\/Koupela\/wp-json\/wp\/v2\/types\/page"}],"author":[{"embeddable":true,"href":"https:\/\/portailsolidarites.fr\/Koupela\/wp-json\/wp\/v2\/users\/2"}],"replies":[{"embeddable":true,"href":"https:\/\/portailsolidarites.fr\/Koupela\/wp-json\/wp\/v2\/comments?post=1958"}],"version-history":[{"count":0,"href":"https:\/\/portailsolidarites.fr\/Koupela\/wp-json\/wp\/v2\/pages\/1958\/revisions"}],"up":[{"embeddable":true,"href":"https:\/\/portailsolidarites.fr\/Koupela\/wp-json\/wp\/v2\/pages\/958"}],"wp:attachment":[{"href":"https:\/\/portailsolidarites.fr\/Koupela\/wp-json\/wp\/v2\/media?parent=1958"}],"curies":[{"name":"wp","href":"https:\/\/api.w.org\/{rel}","templated":true}]}}